{"id":78157,"date":"2024-01-03T13:42:46","date_gmt":"2024-01-03T13:42:46","guid":{"rendered":"https:\/\/estatepartners.dk\/?post_type=portfolio&#038;p=78157"},"modified":"2024-02-22T12:56:13","modified_gmt":"2024-02-22T12:56:13","slug":"sondergade-2-butikslokale","status":"publish","type":"portfolio","link":"https:\/\/estatepartners.dk\/en\/portfolio\/sondergade-2-butikslokale\/","title":{"rendered":"S\u00f8ndergade 2 &#8211; Butikslokale"},"content":{"rendered":"<div data-elementor-type=\"wp-page\" data-elementor-id=\"78157\" class=\"elementor elementor-78157\">\n\t\t\t\t\t\t<section class=\"elementor-section elementor-top-section elementor-element elementor-element-239f00d elementor-section-full_width elementor-section-stretched elementor-section-height-default elementor-section-height-default\" data-id=\"239f00d\" data-element_type=\"section\" data-e-type=\"section\" data-settings=\"{&quot;stretch_section&quot;:&quot;section-stretched&quot;}\">\n\t\t\t\t\t\t<div class=\"elementor-container elementor-column-gap-default\">\n\t\t\t\t\t<div class=\"elementor-column elementor-col-100 elementor-top-column elementor-element elementor-element-b701754\" data-fullscreen-column-settings=\"{&quot;fullscreen&quot;:&quot;&quot;}\" data-id=\"b701754\" data-element_type=\"column\" data-e-type=\"column\" data-settings=\"{&quot;background_background&quot;:&quot;classic&quot;}\">\n\t\t\t<div class=\"elementor-widget-wrap elementor-element-populated\">\n\t\t\t\t\t<div class=\"elementor-background-overlay\"><\/div>\n\t\t\t\t\t\t<div class=\"elementor-element elementor-element-387a810 elementor-widget elementor-widget-litho-heading\" data-id=\"387a810\" data-element_type=\"widget\" data-e-type=\"widget\" data-widget_type=\"litho-heading.default\">\n\t\t\t\t<div class=\"elementor-widget-container\">\n\t\t\t\t\t<h4 class=\"litho-heading elementor-size-default\"><span class=\"litho-primary-title\">Lyst lokale i Koldings hjerte \n<\/span><\/h4>\t\t\t\t<\/div>\n\t\t\t\t<\/div>\n\t\t\t\t<div class=\"elementor-element elementor-element-086ec39 elementor-align-center elementor-widget elementor-widget-litho-button\" data-id=\"086ec39\" data-element_type=\"widget\" data-e-type=\"widget\" data-widget_type=\"litho-button.default\">\n\t\t\t\t<div class=\"elementor-widget-container\">\n\t\t\t\t\t\t\t\t\t<div class=\"elementor-button-wrapper litho-button-wrapper\">\n\t\t\t\t\t<a class=\"elementor-button-link elementor-button elementor-size-xl\" href=\"https:\/\/estatepartners.dk\/en\/kontakt\/\" role=\"button\">\n\t\t\t\t\t\t\t\t\t<span class=\"elementor-button-content-wrapper\">\n\t\t\t\t\t\t\t\t\t\t\t\t\t<span class=\"elementor-button-text\">Contact us<\/span>\n\t\t\t\t\t\t\t<\/span>\n\t\t\t\t\t\t\t\t<\/a>\n\t\t\t\t<\/div>\n\t\t\t\t\t\t\t<\/div>\n\t\t\t\t<\/div>\n\t\t\t\t\t<\/div>\n\t\t<\/div>\n\t\t\t\t\t<\/div>\n\t\t<\/section>\n\t\t\t\t<section class=\"elementor-section elementor-top-section elementor-element elementor-element-ef19157 elementor-section-boxed elementor-section-height-default elementor-section-height-default\" data-id=\"ef19157\" data-element_type=\"section\" data-e-type=\"section\">\n\t\t\t\t\t\t<div class=\"elementor-container elementor-column-gap-default\">\n\t\t\t\t\t<div class=\"elementor-column elementor-col-100 elementor-top-column elementor-element elementor-element-07ae8a4\" data-fullscreen-column-settings=\"{&quot;fullscreen&quot;:&quot;&quot;}\" data-id=\"07ae8a4\" data-element_type=\"column\" data-e-type=\"column\">\n\t\t\t<div class=\"elementor-widget-wrap elementor-element-populated\">\n\t\t\t\t\t\t<div class=\"elementor-element elementor-element-cec3b5d elementor-widget__width-initial elementor-widget elementor-widget-text-editor\" data-id=\"cec3b5d\" data-element_type=\"widget\" data-e-type=\"widget\" data-widget_type=\"text-editor.default\">\n\t\t\t\t<div class=\"elementor-widget-container\">\n\t\t\t\t\t\t\t\t\t<p style=\"font-weight: 400;\">\n<\/p><p><br><br>Vi vil hermed fremvise lokalet i S\u00f8ndergade 2, lige i hjertet af Kolding.&nbsp;<span style=\"text-align: var(--bs-body-text-align);\">I stueplan p\u00e5 adressen S\u00f8ndergade 2 ligger dette fine lokalet, som i dag har Vero Moda til huse.<\/span><\/p>\n<p style=\"font-weight: 400;\">Placeringen i g\u00e5gaden er perfekt, da vi befinder os p\u00e5 et hj\u00f8rne, som er godt trafikeret med handlende mennesker, og derudover f\u00f8lgende:&nbsp;<\/p>\n<p style=\"font-weight: 400;\">&#8211; Gode muligheder for gadevarer.<\/p>\n<p style=\"font-weight: 400;\">&#8211; Flotte og store vinduer til udstilling.<\/p>\n<p style=\"font-weight: 400;\">&#8211; Lokalet er lyst og l\u00e6kkert.<\/p>\n<p style=\"font-weight: 400;\">&#8211; H\u00f8jt til loftet.<\/p>\n<p style=\"font-weight: 400;\">&#8211; God belysning.<\/p>\n<p style=\"font-weight: 400;\">&#8211; Hele 154 kvm med et stort godt rum, hvor du har gode v\u00e6gmuligheder og godt gulvareal til udstilling af netop dine ting.<\/p>\n<p style=\"font-weight: 400;\">&#8211; Fint stort pr\u00f8verum til 5.<\/p>\n<p style=\"font-weight: 400;\">&#8211; Mindre personalerum med k\u00f8kken.<\/p>\n<p style=\"font-weight: 400;\">&#8211; Mindre toilet.<\/p>\n<p style=\"font-weight: 400;\">&#8211; Opbevaring i k\u00e6lder og i skur.<\/p>\t\t\t\t\t\t\t\t<\/div>\n\t\t\t\t<\/div>\n\t\t\t\t\t<\/div>\n\t\t<\/div>\n\t\t\t\t\t<\/div>\n\t\t<\/section>\n\t\t\t\t<section class=\"elementor-section elementor-top-section elementor-element elementor-element-3685a13 elementor-section-boxed elementor-section-height-default elementor-section-height-default\" data-id=\"3685a13\" data-element_type=\"section\" data-e-type=\"section\">\n\t\t\t\t\t\t<div class=\"elementor-container elementor-column-gap-default\">\n\t\t\t\t\t<div class=\"elementor-column elementor-col-50 elementor-top-column elementor-element elementor-element-7631be5\" data-fullscreen-column-settings=\"{&quot;fullscreen&quot;:&quot;&quot;}\" data-id=\"7631be5\" data-element_type=\"column\" data-e-type=\"column\">\n\t\t\t<div class=\"elementor-widget-wrap\">\n\t\t\t\t\t\t\t<\/div>\n\t\t<\/div>\n\t\t\t\t<div class=\"elementor-column elementor-col-50 elementor-top-column elementor-element elementor-element-514a5c8\" data-fullscreen-column-settings=\"{&quot;fullscreen&quot;:&quot;&quot;}\" data-id=\"514a5c8\" data-element_type=\"column\" data-e-type=\"column\">\n\t\t\t<div class=\"elementor-widget-wrap\">\n\t\t\t\t\t\t\t<\/div>\n\t\t<\/div>\n\t\t\t\t\t<\/div>\n\t\t<\/section>\n\t\t\t\t<section class=\"elementor-section elementor-top-section elementor-element elementor-element-2be0fec elementor-section-boxed elementor-section-height-default elementor-section-height-default\" data-id=\"2be0fec\" data-element_type=\"section\" data-e-type=\"section\">\n\t\t\t\t\t\t<div class=\"elementor-container elementor-column-gap-default\">\n\t\t\t\t\t<div class=\"elementor-column elementor-col-100 elementor-top-column elementor-element elementor-element-a157da9\" data-fullscreen-column-settings=\"{&quot;fullscreen&quot;:&quot;&quot;}\" data-id=\"a157da9\" data-element_type=\"column\" data-e-type=\"column\">\n\t\t\t<div class=\"elementor-widget-wrap\">\n\t\t\t\t\t\t\t<\/div>\n\t\t<\/div>\n\t\t\t\t\t<\/div>\n\t\t<\/section>\n\t\t\t\t<section class=\"elementor-section elementor-top-section elementor-element elementor-element-4e94d88 elementor-section-boxed elementor-section-height-default elementor-section-height-default\" data-id=\"4e94d88\" data-element_type=\"section\" data-e-type=\"section\">\n\t\t\t\t\t\t<div class=\"elementor-container elementor-column-gap-default\">\n\t\t\t\t\t<div class=\"elementor-column elementor-col-100 elementor-top-column elementor-element elementor-element-8ea9917\" data-fullscreen-column-settings=\"{&quot;fullscreen&quot;:&quot;&quot;}\" data-id=\"8ea9917\" data-element_type=\"column\" data-e-type=\"column\">\n\t\t\t<div class=\"elementor-widget-wrap\">\n\t\t\t\t\t\t\t<\/div>\n\t\t<\/div>\n\t\t\t\t\t<\/div>\n\t\t<\/section>\n\t\t\t\t<section class=\"elementor-section elementor-top-section elementor-element elementor-element-e9249a1 elementor-section-boxed elementor-section-height-default elementor-section-height-default\" data-id=\"e9249a1\" data-element_type=\"section\" data-e-type=\"section\">\n\t\t\t\t\t\t<div class=\"elementor-container elementor-column-gap-default\">\n\t\t\t\t\t<div class=\"elementor-column elementor-col-100 elementor-top-column elementor-element elementor-element-5239af9\" data-fullscreen-column-settings=\"{&quot;fullscreen&quot;:&quot;&quot;}\" data-id=\"5239af9\" data-element_type=\"column\" data-e-type=\"column\">\n\t\t\t<div class=\"elementor-widget-wrap elementor-element-populated\">\n\t\t\t\t\t\t<div class=\"elementor-element elementor-element-03e49fe elementor-widget__width-initial elementor-widget elementor-widget-video\" data-id=\"03e49fe\" data-element_type=\"widget\" data-e-type=\"widget\" data-settings=\"{&quot;youtube_url&quot;:&quot;https:\\\/\\\/youtu.be\\\/4iiHVMFk0RA&quot;,&quot;video_type&quot;:&quot;youtube&quot;,&quot;controls&quot;:&quot;yes&quot;}\" data-widget_type=\"video.default\">\n\t\t\t\t<div class=\"elementor-widget-container\">\n\t\t\t\t\t\t\t<div class=\"elementor-wrapper elementor-open-inline\">\n\t\t\t<div class=\"elementor-video\"><\/div>\t\t<\/div>\n\t\t\t\t\t\t<\/div>\n\t\t\t\t<\/div>\n\t\t\t\t\t<\/div>\n\t\t<\/div>\n\t\t\t\t\t<\/div>\n\t\t<\/section>\n\t\t\t\t<\/div>","protected":false},"excerpt":{"rendered":"<p>Lyst lokale i Koldings hjerte Kontakt os Vi vil hermed fremvise lokalet i S\u00f8ndergade 2, lige i hjertet af Kolding.&nbsp;I stueplan p\u00e5 adressen S\u00f8ndergade 2 ligger dette fine lokalet, som i dag har Vero Moda til huse. Placeringen i g\u00e5gaden er perfekt, da vi befinder os p\u00e5 et hj\u00f8rne, som er godt trafikeret med handlende [&hellip;]<\/p>\n","protected":false},"author":3,"featured_media":78105,"parent":0,"menu_order":223,"comment_status":"closed","ping_status":"closed","template":"","format":"standard","portfolio-category":[92],"portfolio-tags":[],"class_list":["post-78157","portfolio","type-portfolio","status-publish","format-standard","has-post-thumbnail","hentry","portfolio-category-erhvervslejemaal"],"yoast_head":"<!-- This site is optimized with the Yoast SEO plugin v27.5 - https:\/\/yoast.com\/product\/yoast-seo-wordpress\/ -->\n<title>S\u00f8ndergade 2 - Butikslokale - Estate Partners A\/S i Kolding<\/title>\n<meta name=\"robots\" content=\"index, follow, max-snippet:-1, max-image-preview:large, max-video-preview:-1\" \/>\n<link rel=\"canonical\" href=\"https:\/\/estatepartners.dk\/en\/portfolio\/sondergade-2-butikslokale\/\" \/>\n<meta property=\"og:locale\" content=\"en_US\" \/>\n<meta property=\"og:type\" content=\"article\" \/>\n<meta property=\"og:title\" content=\"S\u00f8ndergade 2 - Butikslokale - Estate Partners A\/S i Kolding\" \/>\n<meta property=\"og:description\" content=\"Lyst lokale i Koldings hjerte Kontakt os Vi vil hermed fremvise lokalet i S\u00f8ndergade 2, lige i hjertet af Kolding.&nbsp;I stueplan p\u00e5 adressen S\u00f8ndergade 2 ligger dette fine lokalet, som i dag har Vero Moda til huse. Placeringen i g\u00e5gaden er perfekt, da vi befinder os p\u00e5 et hj\u00f8rne, som er godt trafikeret med handlende [&hellip;]\" \/>\n<meta property=\"og:url\" content=\"https:\/\/estatepartners.dk\/en\/portfolio\/sondergade-2-butikslokale\/\" \/>\n<meta property=\"og:site_name\" content=\"Estate Partners A\/S i Kolding\" \/>\n<meta property=\"article:publisher\" content=\"https:\/\/www.facebook.com\/estatepartners\/\" \/>\n<meta property=\"article:modified_time\" content=\"2024-02-22T12:56:13+00:00\" \/>\n<meta property=\"og:image\" content=\"https:\/\/estatepartners.dk\/wp-content\/uploads\/2024\/01\/sondergade2-1.png\" \/>\n\t<meta property=\"og:image:width\" content=\"1272\" \/>\n\t<meta property=\"og:image:height\" content=\"852\" \/>\n\t<meta property=\"og:image:type\" content=\"image\/png\" \/>\n<meta name=\"twitter:card\" content=\"summary_large_image\" \/>\n<meta name=\"twitter:label1\" content=\"Est. reading time\" \/>\n\t<meta name=\"twitter:data1\" content=\"1 minute\" \/>\n<script type=\"application\/ld+json\" class=\"yoast-schema-graph\">{\"@context\":\"https:\\\/\\\/schema.org\",\"@graph\":[{\"@type\":\"WebPage\",\"@id\":\"https:\\\/\\\/estatepartners.dk\\\/portfolio\\\/sondergade-2-butikslokale\\\/\",\"url\":\"https:\\\/\\\/estatepartners.dk\\\/portfolio\\\/sondergade-2-butikslokale\\\/\",\"name\":\"S\u00f8ndergade 2 - Butikslokale - Estate Partners A\\\/S i Kolding\",\"isPartOf\":{\"@id\":\"https:\\\/\\\/estatepartners.dk\\\/#website\"},\"primaryImageOfPage\":{\"@id\":\"https:\\\/\\\/estatepartners.dk\\\/portfolio\\\/sondergade-2-butikslokale\\\/#primaryimage\"},\"image\":{\"@id\":\"https:\\\/\\\/estatepartners.dk\\\/portfolio\\\/sondergade-2-butikslokale\\\/#primaryimage\"},\"thumbnailUrl\":\"https:\\\/\\\/estatepartners.dk\\\/wp-content\\\/uploads\\\/2024\\\/01\\\/sondergade2-1.png\",\"datePublished\":\"2024-01-03T13:42:46+00:00\",\"dateModified\":\"2024-02-22T12:56:13+00:00\",\"breadcrumb\":{\"@id\":\"https:\\\/\\\/estatepartners.dk\\\/portfolio\\\/sondergade-2-butikslokale\\\/#breadcrumb\"},\"inLanguage\":\"en-US\",\"potentialAction\":[{\"@type\":\"ReadAction\",\"target\":[\"https:\\\/\\\/estatepartners.dk\\\/portfolio\\\/sondergade-2-butikslokale\\\/\"]}]},{\"@type\":\"ImageObject\",\"inLanguage\":\"en-US\",\"@id\":\"https:\\\/\\\/estatepartners.dk\\\/portfolio\\\/sondergade-2-butikslokale\\\/#primaryimage\",\"url\":\"https:\\\/\\\/estatepartners.dk\\\/wp-content\\\/uploads\\\/2024\\\/01\\\/sondergade2-1.png\",\"contentUrl\":\"https:\\\/\\\/estatepartners.dk\\\/wp-content\\\/uploads\\\/2024\\\/01\\\/sondergade2-1.png\",\"width\":1272,\"height\":852},{\"@type\":\"BreadcrumbList\",\"@id\":\"https:\\\/\\\/estatepartners.dk\\\/portfolio\\\/sondergade-2-butikslokale\\\/#breadcrumb\",\"itemListElement\":[{\"@type\":\"ListItem\",\"position\":1,\"name\":\"Hjem\",\"item\":\"https:\\\/\\\/estatepartners.dk\\\/\"},{\"@type\":\"ListItem\",\"position\":2,\"name\":\"Portfolio\",\"item\":\"https:\\\/\\\/estatepartners.dk\\\/portfolio\\\/\"},{\"@type\":\"ListItem\",\"position\":3,\"name\":\"S\u00f8ndergade 2 &#8211; Butikslokale\"}]},{\"@type\":\"WebSite\",\"@id\":\"https:\\\/\\\/estatepartners.dk\\\/#website\",\"url\":\"https:\\\/\\\/estatepartners.dk\\\/\",\"name\":\"Estate Partners A\\\/S i Kolding\",\"description\":\"Estate Partners A\\\/S i Kolding\",\"publisher\":{\"@id\":\"https:\\\/\\\/estatepartners.dk\\\/#organization\"},\"potentialAction\":[{\"@type\":\"SearchAction\",\"target\":{\"@type\":\"EntryPoint\",\"urlTemplate\":\"https:\\\/\\\/estatepartners.dk\\\/?s={search_term_string}\"},\"query-input\":{\"@type\":\"PropertyValueSpecification\",\"valueRequired\":true,\"valueName\":\"search_term_string\"}}],\"inLanguage\":\"en-US\"},{\"@type\":\"Organization\",\"@id\":\"https:\\\/\\\/estatepartners.dk\\\/#organization\",\"name\":\"Estate Partners A\\\/S i Kolding\",\"url\":\"https:\\\/\\\/estatepartners.dk\\\/\",\"logo\":{\"@type\":\"ImageObject\",\"inLanguage\":\"en-US\",\"@id\":\"https:\\\/\\\/estatepartners.dk\\\/#\\\/schema\\\/logo\\\/image\\\/\",\"url\":\"http:\\\/\\\/estatepartners.markantonline.dk\\\/wp-content\\\/uploads\\\/2020\\\/02\\\/estate_partners_logo.png\",\"contentUrl\":\"http:\\\/\\\/estatepartners.markantonline.dk\\\/wp-content\\\/uploads\\\/2020\\\/02\\\/estate_partners_logo.png\",\"width\":1080,\"height\":673,\"caption\":\"Estate Partners A\\\/S i Kolding\"},\"image\":{\"@id\":\"https:\\\/\\\/estatepartners.dk\\\/#\\\/schema\\\/logo\\\/image\\\/\"},\"sameAs\":[\"https:\\\/\\\/www.facebook.com\\\/estatepartners\\\/\"]}]}<\/script>\n<!-- \/ Yoast SEO plugin. -->","yoast_head_json":{"title":"S\u00f8ndergade 2 - Butikslokale - Estate Partners A\/S i Kolding","robots":{"index":"index","follow":"follow","max-snippet":"max-snippet:-1","max-image-preview":"max-image-preview:large","max-video-preview":"max-video-preview:-1"},"canonical":"https:\/\/estatepartners.dk\/en\/portfolio\/sondergade-2-butikslokale\/","og_locale":"en_US","og_type":"article","og_title":"S\u00f8ndergade 2 - Butikslokale - Estate Partners A\/S i Kolding","og_description":"Lyst lokale i Koldings hjerte Kontakt os Vi vil hermed fremvise lokalet i S\u00f8ndergade 2, lige i hjertet af Kolding.&nbsp;I stueplan p\u00e5 adressen S\u00f8ndergade 2 ligger dette fine lokalet, som i dag har Vero Moda til huse. Placeringen i g\u00e5gaden er perfekt, da vi befinder os p\u00e5 et hj\u00f8rne, som er godt trafikeret med handlende [&hellip;]","og_url":"https:\/\/estatepartners.dk\/en\/portfolio\/sondergade-2-butikslokale\/","og_site_name":"Estate Partners A\/S i Kolding","article_publisher":"https:\/\/www.facebook.com\/estatepartners\/","article_modified_time":"2024-02-22T12:56:13+00:00","og_image":[{"width":1272,"height":852,"url":"https:\/\/estatepartners.dk\/wp-content\/uploads\/2024\/01\/sondergade2-1.png","type":"image\/png"}],"twitter_card":"summary_large_image","twitter_misc":{"Est. reading time":"1 minute"},"schema":{"@context":"https:\/\/schema.org","@graph":[{"@type":"WebPage","@id":"https:\/\/estatepartners.dk\/portfolio\/sondergade-2-butikslokale\/","url":"https:\/\/estatepartners.dk\/portfolio\/sondergade-2-butikslokale\/","name":"S\u00f8ndergade 2 - Butikslokale - Estate Partners A\/S i Kolding","isPartOf":{"@id":"https:\/\/estatepartners.dk\/#website"},"primaryImageOfPage":{"@id":"https:\/\/estatepartners.dk\/portfolio\/sondergade-2-butikslokale\/#primaryimage"},"image":{"@id":"https:\/\/estatepartners.dk\/portfolio\/sondergade-2-butikslokale\/#primaryimage"},"thumbnailUrl":"https:\/\/estatepartners.dk\/wp-content\/uploads\/2024\/01\/sondergade2-1.png","datePublished":"2024-01-03T13:42:46+00:00","dateModified":"2024-02-22T12:56:13+00:00","breadcrumb":{"@id":"https:\/\/estatepartners.dk\/portfolio\/sondergade-2-butikslokale\/#breadcrumb"},"inLanguage":"en-US","potentialAction":[{"@type":"ReadAction","target":["https:\/\/estatepartners.dk\/portfolio\/sondergade-2-butikslokale\/"]}]},{"@type":"ImageObject","inLanguage":"en-US","@id":"https:\/\/estatepartners.dk\/portfolio\/sondergade-2-butikslokale\/#primaryimage","url":"https:\/\/estatepartners.dk\/wp-content\/uploads\/2024\/01\/sondergade2-1.png","contentUrl":"https:\/\/estatepartners.dk\/wp-content\/uploads\/2024\/01\/sondergade2-1.png","width":1272,"height":852},{"@type":"BreadcrumbList","@id":"https:\/\/estatepartners.dk\/portfolio\/sondergade-2-butikslokale\/#breadcrumb","itemListElement":[{"@type":"ListItem","position":1,"name":"Hjem","item":"https:\/\/estatepartners.dk\/"},{"@type":"ListItem","position":2,"name":"Portfolio","item":"https:\/\/estatepartners.dk\/portfolio\/"},{"@type":"ListItem","position":3,"name":"S\u00f8ndergade 2 &#8211; Butikslokale"}]},{"@type":"WebSite","@id":"https:\/\/estatepartners.dk\/#website","url":"https:\/\/estatepartners.dk\/","name":"Estate Partners A\/S i Kolding","description":"Estate Partners A\/S i Kolding","publisher":{"@id":"https:\/\/estatepartners.dk\/#organization"},"potentialAction":[{"@type":"SearchAction","target":{"@type":"EntryPoint","urlTemplate":"https:\/\/estatepartners.dk\/?s={search_term_string}"},"query-input":{"@type":"PropertyValueSpecification","valueRequired":true,"valueName":"search_term_string"}}],"inLanguage":"en-US"},{"@type":"Organization","@id":"https:\/\/estatepartners.dk\/#organization","name":"Estate Partners A\/S i Kolding","url":"https:\/\/estatepartners.dk\/","logo":{"@type":"ImageObject","inLanguage":"en-US","@id":"https:\/\/estatepartners.dk\/#\/schema\/logo\/image\/","url":"http:\/\/estatepartners.markantonline.dk\/wp-content\/uploads\/2020\/02\/estate_partners_logo.png","contentUrl":"http:\/\/estatepartners.markantonline.dk\/wp-content\/uploads\/2020\/02\/estate_partners_logo.png","width":1080,"height":673,"caption":"Estate Partners A\/S i Kolding"},"image":{"@id":"https:\/\/estatepartners.dk\/#\/schema\/logo\/image\/"},"sameAs":["https:\/\/www.facebook.com\/estatepartners\/"]}]}},"_links":{"self":[{"href":"https:\/\/estatepartners.dk\/en\/wp-json\/wp\/v2\/portfolio\/78157","targetHints":{"allow":["GET"]}}],"collection":[{"href":"https:\/\/estatepartners.dk\/en\/wp-json\/wp\/v2\/portfolio"}],"about":[{"href":"https:\/\/estatepartners.dk\/en\/wp-json\/wp\/v2\/types\/portfolio"}],"author":[{"embeddable":true,"href":"https:\/\/estatepartners.dk\/en\/wp-json\/wp\/v2\/users\/3"}],"replies":[{"embeddable":true,"href":"https:\/\/estatepartners.dk\/en\/wp-json\/wp\/v2\/comments?post=78157"}],"version-history":[{"count":32,"href":"https:\/\/estatepartners.dk\/en\/wp-json\/wp\/v2\/portfolio\/78157\/revisions"}],"predecessor-version":[{"id":78350,"href":"https:\/\/estatepartners.dk\/en\/wp-json\/wp\/v2\/portfolio\/78157\/revisions\/78350"}],"wp:featuredmedia":[{"embeddable":true,"href":"https:\/\/estatepartners.dk\/en\/wp-json\/wp\/v2\/media\/78105"}],"wp:attachment":[{"href":"https:\/\/estatepartners.dk\/en\/wp-json\/wp\/v2\/media?parent=78157"}],"wp:term":[{"taxonomy":"portfolio-category","embeddable":true,"href":"https:\/\/estatepartners.dk\/en\/wp-json\/wp\/v2\/portfolio-category?post=78157"},{"taxonomy":"portfolio-tags","embeddable":true,"href":"https:\/\/estatepartners.dk\/en\/wp-json\/wp\/v2\/portfolio-tags?post=78157"}],"curies":[{"name":"wp","href":"https:\/\/api.w.org\/{rel}","templated":true}]}}